{"id":5349,"date":"2013-05-29T12:32:01","date_gmt":"2013-05-29T09:32:01","guid":{"rendered":"http:\/\/www.valonkuvaaja.com\/blogi\/?page_id=5349"},"modified":"2025-10-31T20:05:08","modified_gmt":"2025-10-31T17:05:08","slug":"kotokulmilta","status":"publish","type":"page","link":"http:\/\/www.valonkuvaaja.com\/blogi\/kotokulmilta","title":{"rendered":"Kotokulmilta"},"content":{"rendered":"<p>J\u00e4rjest\u00e4n kolmannen yksityisn\u00e4yttelyni 27.1.-9.2.2014 H\u00e4meenlinnan p\u00e4\u00e4kirjaston yl\u00e4aulassa, osoitteessa: Lukiokatu 2, 13100 H\u00e4meenlinna.<\/p>\n<p>N\u00e4yttelyyn on tulossa valokuvia vuosien varrella vaihtuneiden kotieni l\u00e4hist\u00f6ilt\u00e4. Valokuvissa n\u00e4ytt\u00e4ytyy niin pienet hy\u00f6nteiset kuin useimmille tutut kulttuurimaisemat.<\/p>\n<p>Lis\u00e4\u00e4 tietoa n\u00e4yttelyst\u00e4 ja maistiaisia n\u00e4yttelyn valokuvista on tulossa l\u00e4hiaikoina t\u00e4lle sivustolle.<\/p>\n<p>Tulevaa valokuvan\u00e4yttely\u00e4 on mukana tukemassa <a href=\"http:\/\/www.sivistysrahasto.fi\/\" target=\"_blank\" rel=\"noopener\">Kansan sivistysrahasto<\/a>.<\/p>\n<h2><\/h2>\n<h2>Tiedote valokuvan\u00e4yttelyst\u00e4<\/h2>\n<p>Hei, Olen Kanta-H\u00e4meess\u00e4 asuva aktiivivalokuvaaja. Valokuvaan mm. luontoa kuin urbaania ymp\u00e4rist\u00f6\u00e4 sek\u00e4 kulttuurimaisemia. Valokuvissani voit tunnistaa tuttuja maisemia, joista pyrin l\u00f6yt\u00e4m\u00e4\u00e4n uudenlaisia kuvakulmia.<\/p>\n<p>Erityisesti luontokuvauksessa minua kiinnostaa makrokuvaus, jossa pienimm\u00e4tkin luonnon ihmeet voi n\u00e4hd\u00e4 edess\u00e4\u00e4n suurina ja v\u00e4rikk\u00e4in\u00e4.<\/p>\n<p>N\u00e4yttelyn valokuvat on otettu vuosien 2008-2013 varrella vaihtuneiden kotieni l\u00e4hist\u00f6ilt\u00e4. Valokuvissa n\u00e4ytt\u00e4ytyy niin pienet hy\u00f6nteiset kuin tuttuja kulttuurimaisemia.<\/p>\n<p>N\u00e4yttelyn toteuttamista on ollut mukana tukemassa apurahan muodossa Kansan sivistysrahasto.<\/p>\n<p>L\u00e4mpim\u00e4sti tervetuloa katsomaan ottamiani valokuva H\u00e4meenlinnan p\u00e4\u00e4kirjaston yl\u00e4aulaan!<\/p>\n<p>Valokuvaamisiin, Markus Kauppinen<\/p>\n<h3>Suosikkikuva \u00e4\u00e4nestys<\/h3>\n<p>Aion j\u00e4rjest\u00e4\u00e4 <em>Kotokulmilta<\/em> n\u00e4yttelyss\u00e4 aikaisemmista valokuvan\u00e4yttelyist\u00e4ni tutut suosikkikuva\u00e4\u00e4nestyksen. \u00c4\u00e4nestyksest\u00e4 on tullut hyv\u00e4\u00e4 palautetta sek\u00e4 mielenkiintoista tietoa siit\u00e4 millaisista kuvista n\u00e4yttelyss\u00e4 vierailleet ovat pit\u00e4neet.<\/p>\n<p>Suosikkikuvaansa \u00e4\u00e4nest\u00e4neiden kesken arvon yhden voittajan, joka saa omakseen haluamansa valokuvan.<\/p>\n<h4>Valokuvien ostaminen<\/h4>\n<p>N\u00e4yttelyn valokuvat tulevat olemaan kehystettyj\u00e4 ja 20x30cm kokoisia. Kaikki n\u00e4yttelyyn tulevat vedokset ovat my\u00f6s n\u00e4yttelyss\u00e4 k\u00e4vij\u00f6iden hankittavissa 25 \u20ac:n kappalehintaan + mahdolliset toimituskulut.<\/p>\n<p>Halutessasi ostaa n\u00e4yttelyss\u00e4 esill\u00e4 olevia valokuvani ota yhteytt\u00e4 <a href=\"http:\/\/www.valonkuvaaja.com\/yhteystiedot\/\">Yhteydenotto -sivun<\/a> kautta!<\/p>\n<p>N\u00e4yttelyss\u00e4 olevia valokuvia voit tilata my\u00f6s Kuvalo.fi palvelusta. Sielt\u00e4 voit tilata tavallisia valokuvavedoksia, canvas tauluja, j\u00e4\u00e4kaappimagneetteja, tarroja ja ruutukuvia. Kuvien hinnat alkavat 3 \u20ac:sta yl\u00f6sp\u00e4in. Toimitusmaksut alkaen 4,95 \u20ac.<\/p>\n<h5>Virtuaalin\u00e4yttely<\/h5>\n<p>Avaan n\u00e4yttelyn virtuaalisesti my\u00f6s verkossa samana p\u00e4iv\u00e4n\u00e4 kuin itse fyysinen n\u00e4yttelykin avautuu.<\/p>\n","protected":false},"excerpt":{"rendered":"<p>J\u00e4rjest\u00e4n kolmannen yksityisn\u00e4yttelyni 27.1.-9.2.2014 H\u00e4meenlinnan p\u00e4\u00e4kirjaston yl\u00e4aulassa, osoitteessa: Lukiokatu 2, 13100 H\u00e4meenlinna. N\u00e4yttelyyn on tulossa valokuvia vuosien varrella vaihtuneiden kotieni l\u00e4hist\u00f6ilt\u00e4. Valokuvissa n\u00e4ytt\u00e4ytyy niin pienet hy\u00f6nteiset kuin useimmille tutut kulttuurimaisemat. Lis\u00e4\u00e4 tietoa n\u00e4yttelyst\u00e4 ja maistiaisia n\u00e4yttelyn valokuvista on tulossa l\u00e4hiaikoina &hellip; <a href=\"http:\/\/www.valonkuvaaja.com\/blogi\/kotokulmilta\">Lue loppuun <span class=\"meta-nav\">&rarr;<\/span><\/a><\/p>\n","protected":false},"author":1,"featured_media":0,"parent":0,"menu_order":0,"comment_status":"closed","ping_status":"closed","template":"","meta":{"footnotes":""},"class_list":["post-5349","page","type-page","status-publish","hentry"],"aioseo_notices":[],"_links":{"self":[{"href":"http:\/\/www.valonkuvaaja.com\/blogi\/wp-json\/wp\/v2\/pages\/5349","targetHints":{"allow":["GET"]}}],"collection":[{"href":"http:\/\/www.valonkuvaaja.com\/blogi\/wp-json\/wp\/v2\/pages"}],"about":[{"href":"http:\/\/www.valonkuvaaja.com\/blogi\/wp-json\/wp\/v2\/types\/page"}],"author":[{"embeddable":true,"href":"http:\/\/www.valonkuvaaja.com\/blogi\/wp-json\/wp\/v2\/users\/1"}],"replies":[{"embeddable":true,"href":"http:\/\/www.valonkuvaaja.com\/blogi\/wp-json\/wp\/v2\/comments?post=5349"}],"version-history":[{"count":7,"href":"http:\/\/www.valonkuvaaja.com\/blogi\/wp-json\/wp\/v2\/pages\/5349\/revisions"}],"predecessor-version":[{"id":8252,"href":"http:\/\/www.valonkuvaaja.com\/blogi\/wp-json\/wp\/v2\/pages\/5349\/revisions\/8252"}],"wp:attachment":[{"href":"http:\/\/www.valonkuvaaja.com\/blogi\/wp-json\/wp\/v2\/media?parent=5349"}],"curies":[{"name":"wp","href":"https:\/\/api.w.org\/{rel}","templated":true}]}}